{"id":2499,"date":"2024-05-27T18:53:38","date_gmt":"2024-05-27T16:53:38","guid":{"rendered":"https:\/\/friesi.org\/?page_id=2499"},"modified":"2025-07-01T16:07:53","modified_gmt":"2025-07-01T14:07:53","slug":"filmnaechte-2024","status":"publish","type":"page","link":"https:\/\/friesi.org\/filmnaechte-2024\/","title":{"rendered":"Filmn\u00e4chte 2024"},"content":{"rendered":"<h2 style=\"text-align: center;\"><a href=\"https:\/\/friesi.org\/file\/2025\/07\/Screenshot-2025-07-01-155050.jpg\"><img loading=\"lazy\" decoding=\"async\" class=\"aligncenter wp-image-2708 size-full\" src=\"https:\/\/friesi.org\/file\/2025\/07\/Screenshot-2025-07-01-155050.jpg\" alt=\"\" width=\"806\" height=\"338\" srcset=\"https:\/\/friesi.org\/file\/2025\/07\/Screenshot-2025-07-01-155050.jpg 806w, https:\/\/friesi.org\/file\/2025\/07\/Screenshot-2025-07-01-155050-300x126.jpg 300w, https:\/\/friesi.org\/file\/2025\/07\/Screenshot-2025-07-01-155050-768x322.jpg 768w, https:\/\/friesi.org\/file\/2025\/07\/Screenshot-2025-07-01-155050-150x63.jpg 150w, https:\/\/friesi.org\/file\/2025\/07\/Screenshot-2025-07-01-155050-480x201.jpg 480w\" sizes=\"auto, (max-width:767px) 480px, (max-width:806px) 100vw, 806px\" \/><\/a><\/h2>\n<h2>\u00a0<\/h2>\n<h2>Sch\u00f6n, dass Sie den QR-Code gescannt haben, leider haben wir eine falsche Verlinkung hinterlegt. Bitte klicke Sie noch mal hier:\u00a0<\/h2>\n<p>\u00a0<\/p>\n<h1><strong><a href=\"https:\/\/friesi.org\/filmnaechte-2025\/\">Filmn\u00e4chte 2025<\/a><\/strong><\/h1>\n<p>\u00a0<\/p>\n<p>Unten sehen Sie, was Sie letztes Jahr verpasst haben.\u00a0<\/p>\n<p>\u00a0<\/p>\n<h2 style=\"text-align: center;\">13. Friesdorfer Freibad Filmn\u00e4chte<\/h2>\n<p style=\"text-align: center;\"><span style=\"color: #000000;\"><strong>pr\u00e4sentiert durch<\/strong><\/span><\/p>\n<p style=\"text-align: center;\"><span style=\"color: #000000;\"><strong>Bonner Kinematheken<\/strong><\/span><\/p>\n<p style=\"text-align: center;\"><span style=\"color: #000000;\"><strong>und Freibad Freunde Friesdorf e.V.<\/strong><\/span><\/p>\n<p style=\"text-align: center;\"><strong>mit freundlicher Unterst\u00fctzung\u00a0<\/strong><\/p>\n<p><a href=\"https:\/\/friesi.org\/file\/2022\/07\/bonn-1.png\"><img loading=\"lazy\" decoding=\"async\" class=\"aligncenter size-full wp-image-1895\" src=\"https:\/\/friesi.org\/file\/2022\/07\/bonn-1.png\" alt=\"\" width=\"220\" height=\"229\" srcset=\"https:\/\/friesi.org\/file\/2022\/07\/bonn-1.png 220w, https:\/\/friesi.org\/file\/2022\/07\/bonn-1-140x146.png 140w, https:\/\/friesi.org\/file\/2022\/07\/bonn-1-48x50.png 48w, https:\/\/friesi.org\/file\/2022\/07\/bonn-1-72x75.png 72w\" sizes=\"auto, (max-width:767px) 220px, 220px\" \/><\/a><\/p>\n<p><a href=\"https:\/\/friesi.org\/file\/2023\/07\/Logo-VR-Bank-Bonn-Rhein-Sieg-eG-1.png\"><img loading=\"lazy\" decoding=\"async\" class=\"aligncenter wp-image-2243 \" src=\"https:\/\/friesi.org\/file\/2023\/07\/Logo-VR-Bank-Bonn-Rhein-Sieg-eG-1.png\" alt=\"\" width=\"468\" height=\"52\" srcset=\"https:\/\/friesi.org\/file\/2023\/07\/Logo-VR-Bank-Bonn-Rhein-Sieg-eG-1.png 450w, https:\/\/friesi.org\/file\/2023\/07\/Logo-VR-Bank-Bonn-Rhein-Sieg-eG-1-300x33.png 300w, https:\/\/friesi.org\/file\/2023\/07\/Logo-VR-Bank-Bonn-Rhein-Sieg-eG-1-260x29.png 260w, https:\/\/friesi.org\/file\/2023\/07\/Logo-VR-Bank-Bonn-Rhein-Sieg-eG-1-50x6.png 50w, https:\/\/friesi.org\/file\/2023\/07\/Logo-VR-Bank-Bonn-Rhein-Sieg-eG-1-150x17.png 150w\" sizes=\"auto, (max-width:767px) 468px, 468px\" \/><\/a><\/p>\n<h3 style=\"text-align: center;\"><span style=\"color: #000000;\"><a href=\"https:\/\/friesi.org\/file\/2023\/06\/Logo-Leyenhof.png\"><img loading=\"lazy\" decoding=\"async\" class=\"aligncenter wp-image-2175 \" src=\"https:\/\/friesi.org\/file\/2023\/06\/Logo-Leyenhof.png\" alt=\"\" width=\"377\" height=\"131\" srcset=\"https:\/\/friesi.org\/file\/2023\/06\/Logo-Leyenhof.png 679w, https:\/\/friesi.org\/file\/2023\/06\/Logo-Leyenhof-300x104.png 300w, https:\/\/friesi.org\/file\/2023\/06\/Logo-Leyenhof-260x90.png 260w, https:\/\/friesi.org\/file\/2023\/06\/Logo-Leyenhof-50x17.png 50w, https:\/\/friesi.org\/file\/2023\/06\/Logo-Leyenhof-150x52.png 150w\" sizes=\"auto, (max-width:767px) 377px, 377px\" \/><\/a><\/span><\/h3>\n<h3 style=\"text-align: center;\"><span style=\"color: #000000;\">Termine 2024<\/span><\/h3>\n<ul>\n<li><span style=\"color: #000000;\">Freitag, 26.07.2024,\u00a0 Samstag, 27.07.2024<\/span><\/li>\n<\/ul>\n<p><span style=\"color: #000000;\">\u00a0 \u00a0 \u00a0 \u00a0 \u00a0 und<\/span><\/p>\n<ul>\n<li><span style=\"color: #000000;\">Freitag, 02.08.2024, Samstag, 03.08.2024<\/span><\/li>\n<\/ul>\n<p><b>Einlass 19.00 Uhr, Filmbeginn 21.30 Uhr,\u00a0<\/b><\/p>\n<p>Ort: Freibad Friesdorf, Margaretenstra\u00dfe 14, 53175 Bonn<\/p>\n<p><b>Kino mit Schwimmen vor dem Film bis 21.00 Uhr!\u00a0<\/b><\/p>\n<h4 style=\"text-align: center;\"><span style=\"color: #0000ff;\"><strong>Bitte bringt Euch Sitzkissen, Decken oder \u00e4hnliches als Sitzgelegenheit mit.<\/strong><\/span><br \/><span style=\"color: #0000ff;\"><strong>St\u00fchle (auch Campinghocker) sind untersagt.<\/strong><\/span><\/h4>\n<h4 style=\"text-align: center;\"><span style=\"color: #0000ff;\"><strong>Die Gastronomie ist ge\u00f6ffnet. Selbstversorgung bitte unterlassen!<\/strong><\/span><\/h4>\n<h2>Freitag 26.07.2024<\/h2>\n<h2>Eine Million Minuten<\/h2>\n<p>Eigentlich wei\u00df es jeder: Die wirklich wichtigen Dinge stehen auf den bl\u00f6den To-do-Listen nicht drauf. Aber warum eigentlich nicht? \u2013 Von au\u00dfen betrachtet f\u00fchren Vera (Karoline Herfurth) und Wolf K\u00fcper (Tom Schilling) mit ihren beiden Kindern Nina (Pola Friedrichs) und dem ein\u00adj\u00e4hrigen Bruder Simon (Piet Levi Busch) ein Traumleben: eine sch\u00f6ne Wohnung in Berlin, er macht als Biodiversit\u00e4tsforscher und Gutachter f\u00fcr die Vereinten Nationen Karriere, sie hat neben Haushalt und Kindern noch einen Job als Bauingenieurin mit Schwerpunkt Nachhaltigkeit. Doch bei genauerem Hinsehen sieht es ganz anders aus: Die Ehe kriselt, und beide sind, wie die meisten Paare, in dem ungl\u00fccklichen Dilemma, beim Jonglieren des Alltags das Gef\u00fchl zu haben, dem Leben vorn und hinten nicht mehr gerecht zu werden. Als bei Nina eine Entwicklungsverz\u00f6gerung diagnostiziert wird, ist Wolf und Vera klar, dass sich sp\u00e4testens nun etwas grundlegend \u00e4ndern muss.<br \/>Eines Abends beim Zubettgehen sagt Nina auf einmal: \u201eAch, Papa, ich w\u00fcnschte, wir h\u00e4tten eine Million Minuten. Nur f\u00fcr die ganz sch\u00f6nen Sachen, wei\u00dft du?\u201c Der Wunsch trifft Wolf mitten ins Herz, und auf einmal wird ihm klar, dass es viel wichtiger ist, wie es Nina, Vera und Simon geht, und jede gemeinsame Minute wertvoller ist als eine gl\u00e4nzende Karriere.<br \/>Eine Million Minuten, 694 Tage, knapp zwei Jahre. Los geht\u2019s! Erst nach Thailand, dann weiter nach Island. Die K\u00fcpers machen sich auf die Suche nach einem neuen, einem anderen Lebensmodell und stellen dabei jeden Tag aufs Neue fest: Wir haben jede Minute nur einmal.<\/p>\n<div class=\"o9v6fnle cxmmr5t8 oygrvhab hcukyx3x c1et5uql ii04i59q\">\n<p><iframe loading=\"lazy\" title=\"EINE MILLION MINUTEN Trailer German Deutsch (2024)\" width=\"1220\" height=\"686\" src=\"https:\/\/www.youtube.com\/embed\/3ynIcEdLfE0?feature=oembed\" frameborder=\"0\" allow=\"accelerometer; autoplay; clipboard-write; encrypted-media; gyroscope; picture-in-picture; web-share\" referrerpolicy=\"strict-origin-when-cross-origin\" allowfullscreen><\/iframe><\/p>\n<h4>\u00a0<\/h4>\n<h4><a href=\"https:\/\/www.bonnerkinemathek.de\/programm\/eine-million-minuten-5\/\">Tickets<\/a><\/h4>\n<h2>\u00a0<\/h2>\n<h2>Samstag 27.07.2024<\/h2>\n<h2>Robot Dreams<\/h2>\n<\/div>\n<p>Nachdem der Roboter bei einem Ausflug an den Strand am Tag der Arbeit verrostet und im Sand stecken geblieben ist, muss der Hund sein Leben ohne seinen besten Freund weiterf\u00fchren. Doch die Erinnerung an ihre Freundschaft bleibt bestehen, und im Laufe der Jahreszeiten versucht das Tier, die emotionale Leere zu f\u00fcllen, die der Verlust seines besten Freundes hinterlassen hat. Auf diese Weise gewinnt und verliert er neue Freunde, von einem schmelzenden Schneemann bis zu hedonistischen Ameisenb\u00e4ren. Doch f\u00fcr den Roboter, der am Strand vor sich hin rostet, sind Tr\u00e4ume die einzige Erl\u00f6sung von der Einsamkeit.<\/p>\n\n\n<figure class=\"wp-block-embed is-type-video is-provider-youtube wp-block-embed-youtube wp-embed-aspect-16-9 wp-has-aspect-ratio\"><div class=\"wp-block-embed__wrapper\">\n<iframe loading=\"lazy\"  id=\"_ytid_50140\"  width=\"1220\" height=\"686\"  data-origwidth=\"1220\" data-origheight=\"686\" src=\"https:\/\/www.youtube.com\/embed\/5B_Y7_VJdT0?enablejsapi=1&#038;autoplay=0&#038;cc_load_policy=0&#038;cc_lang_pref=&#038;iv_load_policy=1&#038;loop=0&#038;rel=1&#038;fs=1&#038;playsinline=0&#038;autohide=2&#038;theme=dark&#038;color=red&#038;controls=1&#038;disablekb=0&#038;\" class=\"__youtube_prefs__  epyt-is-override  no-lazyload\" title=\"YouTube player\"  allow=\"fullscreen; accelerometer; autoplay; clipboard-write; encrypted-media; gyroscope; picture-in-picture; web-share\" referrerpolicy=\"strict-origin-when-cross-origin\" allowfullscreen data-no-lazy=\"1\" data-skipgform_ajax_framebjll=\"\"><\/iframe>\n<\/div><\/figure>\n\n\n\n<p>&nbsp;<\/p>\n\n\n\n<h3 class=\"wp-block-heading\"><strong><a href=\"https:\/\/www.bonnerkinemathek.de\/programm\/robot-dreams-3\/\">Tickets<\/a><\/strong><\/h3>\n\n\n\n<p>&nbsp;<\/p>\n\n\n\n<h2 class=\"wp-block-heading\">Freitag 02.08.2024<\/h2>\n\n\n\n<h2 class=\"wp-block-heading\">Wochenendrebellen<\/h2>\n\n\n\n<p>Mirco ist aufgrund seiner Arbeit selten zu Hause. Seine Frau Fatime organisiert das Familienleben und hat alle H\u00e4nde voll zu tun mit der Erziehung von Baby Lucy und dem zehnj\u00e4hrigen Jason. Jason ist Autist und sein Alltag besteht aus t\u00e4glichen Routinen und festen Faustregeln. Fatime versucht alles, um Jason den n\u00f6tigen R\u00fcckhalt zu geben, doch vor allem in der Schule st\u00f6\u00dft Jason auf viel Unverst\u00e4ndnis. Als der Familie ein Wechsel auf eine F\u00f6rderschule nahegelegt wird, muss auch Mirco beweisen, dass er seiner Rolle als Vater gerecht wird. Er schlie\u00dft dabei einen Pakt mit seinem Sohn: Jason verspricht, sich alle M\u00fche zu geben, um sich an der Schule zu halten, wenn Mirco ihn dabei unterst\u00fctzt, einen Lieblingsfu\u00dfballclub zu finden. Schlie\u00dflich ist jeder in der Klasse Fu\u00dfballfan! Allerdings will Jason sich erst f\u00fcr einen Verein entscheiden, wenn er alle 56 Mannschaften der ersten, zweiten und dritten Liga live in ihren Heimstadien spielen gesehen hat\u2026.<\/p>\n\n\n\n<p>Basiert auf dem Buch \u201eWir Wochenendrebellen\u201c von Mirco und Jason von Juterczenka.<\/p>\n\n\n\n<figure class=\"wp-block-embed is-type-video is-provider-youtube wp-block-embed-youtube wp-embed-aspect-16-9 wp-has-aspect-ratio\"><div class=\"wp-block-embed__wrapper\">\n<iframe loading=\"lazy\"  id=\"_ytid_34142\"  width=\"1220\" height=\"686\"  data-origwidth=\"1220\" data-origheight=\"686\" src=\"https:\/\/www.youtube.com\/embed\/1Hbyvd4Y5hE?enablejsapi=1&#038;autoplay=0&#038;cc_load_policy=0&#038;cc_lang_pref=&#038;iv_load_policy=1&#038;loop=0&#038;rel=1&#038;fs=1&#038;playsinline=0&#038;autohide=2&#038;theme=dark&#038;color=red&#038;controls=1&#038;disablekb=0&#038;\" class=\"__youtube_prefs__  epyt-is-override  no-lazyload\" title=\"YouTube player\"  allow=\"fullscreen; accelerometer; autoplay; clipboard-write; encrypted-media; gyroscope; picture-in-picture; web-share\" referrerpolicy=\"strict-origin-when-cross-origin\" allowfullscreen data-no-lazy=\"1\" data-skipgform_ajax_framebjll=\"\"><\/iframe>\n<\/div><\/figure>\n\n\n\n<p>&nbsp;<\/p>\n\n\n\n<h3 class=\"wp-block-heading\"><a href=\"https:\/\/www.bonnerkinemathek.de\/programm\/wochenendrebellen-8\/\">Tickets<\/a><\/h3>\n\n\n\n<p>&nbsp;<\/p>\n\n\n\n<h2 class=\"wp-block-heading\">Samstag 03.08.2024<\/h2>\n\n\n\n<h2 class=\"wp-block-heading\">Es sind die kleinen Dinge<\/h2>\n\n\n\n<p>Alice hat als Lehrerin eigentlich schon genug zu tun und ist obendrauf trotzdem noch B\u00fcrgermeisterin eines kleinen Ortes mitten in der franz\u00f6sischen Bretagne. Bis an die Grenze zur \u00dcberlastung treibt sie schlie\u00dflich \u00c9mile. Der sture 65-J\u00e4hrige hat sich in den Kopf gesetzt, auf seine alten Tage doch noch Lesen und Schreiben zu lernen. Doch auch das soll nicht lange ihre gr\u00f6\u00dfte Sorge bleiben: Pl\u00f6tzlich soll die Schule geschlossen werden \u2013 ein existenzielles Problem nicht nur f\u00fcr Alice, sondern das gesamte Dorf. Also tun sich alle zusammen und versuchen so, das Schlimmste noch einmal abzuwenden\u2026<\/p>\n\n\n\n<figure class=\"wp-block-embed is-type-video is-provider-youtube wp-block-embed-youtube wp-embed-aspect-16-9 wp-has-aspect-ratio\"><div class=\"wp-block-embed__wrapper\">\n<iframe loading=\"lazy\"  id=\"_ytid_97001\"  width=\"1220\" height=\"686\"  data-origwidth=\"1220\" data-origheight=\"686\" src=\"https:\/\/www.youtube.com\/embed\/Rs-em-KDWcc?enablejsapi=1&#038;autoplay=0&#038;cc_load_policy=0&#038;cc_lang_pref=&#038;iv_load_policy=1&#038;loop=0&#038;rel=1&#038;fs=1&#038;playsinline=0&#038;autohide=2&#038;theme=dark&#038;color=red&#038;controls=1&#038;disablekb=0&#038;\" class=\"__youtube_prefs__  epyt-is-override  no-lazyload\" title=\"YouTube player\"  allow=\"fullscreen; accelerometer; autoplay; clipboard-write; encrypted-media; gyroscope; picture-in-picture; web-share\" referrerpolicy=\"strict-origin-when-cross-origin\" allowfullscreen data-no-lazy=\"1\" data-skipgform_ajax_framebjll=\"\"><\/iframe>\n<\/div><\/figure>\n\n\n\n<p>&nbsp;<\/p>\n\n\n\n<h2 class=\"wp-block-heading\"><a href=\"https:\/\/www.bonnerkinemathek.de\/programm\/es-sind-die-kleinen-dinge\/\">Tickets<\/a><\/h2>\n","protected":false},"excerpt":{"rendered":"<p>\u00a0 Sch\u00f6n, dass Sie den QR-Code gescannt haben, leider haben wir eine falsche Verlinkung hinterlegt. Bitte klicke Sie noch mal hier:\u00a0 \u00a0 Filmn\u00e4chte 2025 \u00a0 Unten<span class=\"excerpt-hellip\"> [\u2026]<\/span><\/p>\n","protected":false},"author":7,"featured_media":0,"parent":0,"menu_order":0,"comment_status":"closed","ping_status":"closed","template":"","meta":{"footnotes":""},"class_list":["post-2499","page","type-page","status-publish","hentry"],"_links":{"self":[{"href":"https:\/\/friesi.org\/rest\/wp\/v2\/pages\/2499","targetHints":{"allow":["GET"]}}],"collection":[{"href":"https:\/\/friesi.org\/rest\/wp\/v2\/pages"}],"about":[{"href":"https:\/\/friesi.org\/rest\/wp\/v2\/types\/page"}],"author":[{"embeddable":true,"href":"https:\/\/friesi.org\/rest\/wp\/v2\/users\/7"}],"replies":[{"embeddable":true,"href":"https:\/\/friesi.org\/rest\/wp\/v2\/comments?post=2499"}],"version-history":[{"count":10,"href":"https:\/\/friesi.org\/rest\/wp\/v2\/pages\/2499\/revisions"}],"predecessor-version":[{"id":2712,"href":"https:\/\/friesi.org\/rest\/wp\/v2\/pages\/2499\/revisions\/2712"}],"wp:attachment":[{"href":"https:\/\/friesi.org\/rest\/wp\/v2\/media?parent=2499"}],"curies":[{"name":"wp","href":"https:\/\/api.w.org\/{rel}","templated":true}]}}