{"id":92,"date":"2017-02-01T13:13:46","date_gmt":"2017-02-01T13:13:46","guid":{"rendered":"http:\/\/themes.muffingroup.com\/betheme\/?page_id=2"},"modified":"2025-10-10T14:22:56","modified_gmt":"2025-10-10T12:22:56","slug":"home","status":"publish","type":"page","link":"https:\/\/friesi.org\/","title":{"rendered":"Startseite"},"content":{"rendered":"<p>\u00a0<\/p>\n<p><strong><img loading=\"lazy\" decoding=\"async\" class=\"wp-image-396 aligncenter\" src=\"http:\/\/friesi.org\/inc\/uploads\/2018\/04\/FFF_0-1-300x291.jpg\" alt=\"\" width=\"280\" height=\"272\" srcset=\"https:\/\/friesi.org\/file\/2018\/04\/FFF_0-1-300x291.jpg 300w, https:\/\/friesi.org\/file\/2018\/04\/FFF_0-1-150x146.jpg 150w, https:\/\/friesi.org\/file\/2018\/04\/FFF_0-1-50x50.jpg 50w, https:\/\/friesi.org\/file\/2018\/04\/FFF_0-1-77x75.jpg 77w, https:\/\/friesi.org\/file\/2018\/04\/FFF_0-1.jpg 450w\" sizes=\"auto, (max-width:767px) 280px, 280px\" \/><\/strong><\/p>\n<p>Wir sind ein seit 1993 bestehender Verein zur F\u00f6rderung des Schwimmens in Bonn-Friesdorf und zum Erhalt unseres Friesis. Hier k\u00f6nnen Sie sich \u00fcber unsere aktuellen Veranstaltungen, Mitgliedschaft, Kurse und vieles mehr informieren.<\/p>\n<p style=\"text-align: left;\"><div class=\"feature_box\"><div class=\"feature_box_wrapper\" ><div class=\"photo_wrapper\"><img decoding=\"async\" class=\"scale-with-grid\" src=\"\" alt=\"\" width=\"\" height=\"\" \/><\/div><div class=\"desc_wrapper\"><h4 class=\"title \"> Gesch\u00e4ftsstelle<\/h4><div class=\"desc\">Besuchen Sie uns auch in unserer Gesch\u00e4ftsstelle Annaberger Str. 134, 53175 Bonn Mittwochs von 15.00 bis 17.00 Uhr (au\u00dfer in den Schulferien) Tel. 022896783567 <\/div><\/div><\/div><\/div>\n<\/p>\n<h3 style=\"text-align: center;\"><a style=\"font-size: revert;\" href=\"https:\/\/friesi.org\/mitglied-werden\/\"><strong>Werden Sie hier Mitglied bei uns und helfen Sie das Friesi zu erhalten!<\/strong><\/a><\/h3>\n<div class=\"wp-block-column\">\n<h4>\u00a0<\/h4>\n<h1 class=\"wp-block-column\" style=\"text-align: center;\">Aktuelles<\/h1>\n<\/div>\n\n\n<div class=\"wp-block-query is-layout-flow wp-block-query-is-layout-flow\">\n\n<div class=\"wp-block-group\"><div class=\"wp-block-group__inner-container is-layout-constrained wp-block-group-is-layout-constrained\">\n<ul class=\"is-flex-container columns-3 wp-block-post-template has-medium-font-size is-layout-flow wp-block-post-template-is-layout-flow\"><li class=\"wp-block-post post-2935 post type-post status-publish format-standard has-post-thumbnail hentry category-uncategorized\">\n<br \/>\n\n<div class=\"wp-block-group\"><div class=\"wp-block-group__inner-container is-layout-constrained wp-block-group-is-layout-constrained\">\n\n<div class=\"wp-block-group\"><div class=\"wp-block-group__inner-container is-layout-constrained wp-block-group-is-layout-constrained\">\n<h2 style=\"font-style:normal;font-weight:500;text-transform:none\" class=\"wp-block-post-title has-medium-font-size\"><a href=\"https:\/\/friesi.org\/hinweise-fuer-den-hoerspielabend\/\" target=\"_self\" >Hinweise f\u00fcr den H\u00f6rspielabend<\/a><\/h2>\n<\/div><\/div>\r\n<p>\n\n<\/p>\r\n<\/div><\/div>\n\n<br \/>\n\n<div class=\"wp-block-group alignwide\"><div class=\"wp-block-group__inner-container is-layout-constrained wp-block-group-is-layout-constrained\">\n\n<div class=\"wp-block-group alignwide\"><div class=\"wp-block-group__inner-container is-layout-constrained wp-block-group-is-layout-constrained\">\n<figure class=\"alignwide wp-block-post-featured-image\"><a href=\"https:\/\/friesi.org\/hinweise-fuer-den-hoerspielabend\/\" target=\"_self\" ><img loading=\"lazy\" decoding=\"async\" width=\"240\" height=\"300\" src=\"https:\/\/friesi.org\/file\/2026\/07\/Plakat-Hoerspielabend-240x300.jpeg\" class=\"attachment-medium size-medium wp-post-image\" alt=\"Hinweise f\u00fcr den H\u00f6rspielabend\" style=\"object-fit:cover;\" srcset=\"https:\/\/friesi.org\/file\/2026\/07\/Plakat-Hoerspielabend-240x300.jpeg 240w, https:\/\/friesi.org\/file\/2026\/07\/Plakat-Hoerspielabend-819x1024.jpeg 819w, https:\/\/friesi.org\/file\/2026\/07\/Plakat-Hoerspielabend-768x960.jpeg 768w, https:\/\/friesi.org\/file\/2026\/07\/Plakat-Hoerspielabend-60x75.jpeg 60w, https:\/\/friesi.org\/file\/2026\/07\/Plakat-Hoerspielabend-480x600.jpeg 480w, https:\/\/friesi.org\/file\/2026\/07\/Plakat-Hoerspielabend.jpeg 1080w\" sizes=\"auto, (max-width:767px) 240px, 240px\" \/><\/a><\/figure>\n<\/div><\/div>\r\n<p>\n\n<\/p>\r\n<\/div><\/div>\n\n<br \/>\n<div class=\"wp-block-post-excerpt has-small-font-size\"><p class=\"wp-block-post-excerpt__excerpt\">Das Friesi ist bis 19.00 Uhr ganz normal ge\u00f6ffnet und Ihr m\u00fcsst Eintritt zahlen zum Schwimmen. Ab 19.00 Uhr ist der Eintritt dann f\u00fcr den H\u00f6rspielabend frei. Wer schon im Friesi ist, kann einfach da bleiben. Bis 20.00 Uhr k\u00f6nnen diejenigen, die auch erst um 19.00 Uhr kommen, noch schwimmen. Ganz Wichtig! Ihr k\u00f6nnt Euch&hellip; <\/p><\/div>\n<br \/>\n\n<hr class=\"wp-block-separator has-css-opacity\" \/>\n\n\r\n<p>\n<div class=\"wp-block-post-date\"><time datetime=\"2026-08-27T10:17:59+02:00\">27. August 2026<\/time><\/div>\n<br \/>\n<\/li><li class=\"wp-block-post post-2932 post type-post status-publish format-standard hentry category-uncategorized\">\n<br \/>\n\n<div class=\"wp-block-group\"><div class=\"wp-block-group__inner-container is-layout-constrained wp-block-group-is-layout-constrained\">\n\n<div class=\"wp-block-group\"><div class=\"wp-block-group__inner-container is-layout-constrained wp-block-group-is-layout-constrained\">\n<h2 style=\"font-style:normal;font-weight:500;text-transform:none\" class=\"wp-block-post-title has-medium-font-size\"><a href=\"https:\/\/friesi.org\/nichtschwimmerbecken-wieder-geoeffnet\/\" target=\"_self\" >Nichtschwimmerbecken wieder ge\u00f6ffnet!<\/a><\/h2>\n<\/div><\/div>\r\n<p>\n\n<\/p>\r\n<\/div><\/div>\n\n<br \/>\n\n<div class=\"wp-block-group alignwide\"><div class=\"wp-block-group__inner-container is-layout-constrained wp-block-group-is-layout-constrained\">\n\n<div class=\"wp-block-group alignwide\"><div class=\"wp-block-group__inner-container is-layout-constrained wp-block-group-is-layout-constrained\">\n\n<\/div><\/div>\r\n<p>\n\n<\/p>\r\n<\/div><\/div>\n\n<br \/>\n<div class=\"wp-block-post-excerpt has-small-font-size\"><p class=\"wp-block-post-excerpt__excerpt\">Seit heute Nachmittag funktioniert das Nichtschwimmerbecken wieder. Das Babybecken voraussichtlich morgen Nachmittag auch wieder. <\/p><\/div>\n<br \/>\n\n<hr class=\"wp-block-separator has-css-opacity\" \/>\n\n\r\n<p>\n<div class=\"wp-block-post-date\"><time datetime=\"2026-08-12T21:29:20+02:00\">12. August 2026<\/time><\/div>\n<br \/>\n<\/li><li class=\"wp-block-post post-2930 post type-post status-publish format-standard has-post-thumbnail hentry category-uncategorized\">\n<br \/>\n\n<div class=\"wp-block-group\"><div class=\"wp-block-group__inner-container is-layout-constrained wp-block-group-is-layout-constrained\">\n\n<div class=\"wp-block-group\"><div class=\"wp-block-group__inner-container is-layout-constrained wp-block-group-is-layout-constrained\">\n<h2 style=\"font-style:normal;font-weight:500;text-transform:none\" class=\"wp-block-post-title has-medium-font-size\"><a href=\"https:\/\/friesi.org\/sperrung-nichtschwimmerbecken-bis-voraussichtlich-zum-14-08-26\/\" target=\"_self\" >Sperrung Nichtschwimmerbecken bis voraussichtlich zum 14.08.26<\/a><\/h2>\n<\/div><\/div>\r\n<p>\n\n<\/p>\r\n<\/div><\/div>\n\n<br \/>\n\n<div class=\"wp-block-group alignwide\"><div class=\"wp-block-group__inner-container is-layout-constrained wp-block-group-is-layout-constrained\">\n\n<div class=\"wp-block-group alignwide\"><div class=\"wp-block-group__inner-container is-layout-constrained wp-block-group-is-layout-constrained\">\n<figure class=\"alignwide wp-block-post-featured-image\"><a href=\"https:\/\/friesi.org\/sperrung-nichtschwimmerbecken-bis-voraussichtlich-zum-14-08-26\/\" target=\"_self\" ><img loading=\"lazy\" decoding=\"async\" width=\"300\" height=\"225\" src=\"https:\/\/friesi.org\/file\/2023\/04\/20230404_090827-2-300x225.jpg\" class=\"attachment-medium size-medium wp-post-image\" alt=\"Sperrung Nichtschwimmerbecken bis voraussichtlich zum 14.08.26\" style=\"object-fit:cover;\" srcset=\"https:\/\/friesi.org\/file\/2023\/04\/20230404_090827-2-300x225.jpg 300w, https:\/\/friesi.org\/file\/2023\/04\/20230404_090827-2-1024x768.jpg 1024w, https:\/\/friesi.org\/file\/2023\/04\/20230404_090827-2-768x576.jpg 768w, https:\/\/friesi.org\/file\/2023\/04\/20230404_090827-2-195x146.jpg 195w, https:\/\/friesi.org\/file\/2023\/04\/20230404_090827-2-50x38.jpg 50w, https:\/\/friesi.org\/file\/2023\/04\/20230404_090827-2-100x75.jpg 100w, https:\/\/friesi.org\/file\/2023\/04\/20230404_090827-2-960x720.jpg 960w, https:\/\/friesi.org\/file\/2023\/04\/20230404_090827-2.jpg 1281w\" sizes=\"auto, (max-width:767px) 300px, 300px\" \/><\/a><\/figure>\n<\/div><\/div>\r\n<p>\n\n<\/p>\r\n<\/div><\/div>\n\n<br \/>\n<div class=\"wp-block-post-excerpt has-small-font-size\"><p class=\"wp-block-post-excerpt__excerpt\">Aufgrund von Wasserwerten, die nicht in Ordnung sind, wurde heute morgen das Nichtschwimmerbecken im Friesi gesperrt. Es wurden bereits Ma\u00dfnahmen eingeleitet, die Wasserwerte wieder in den Griff zu bekommen, aber bis diese reguliert sind und das Wasser getestet und freigegeben wird, kann es bis Ende der kommenden Woche dauern. Unsere Schwimmkurse sind von diesen Einschr\u00e4nkungen&hellip; <\/p><\/div>\n<br \/>\n\n<hr class=\"wp-block-separator has-css-opacity\" \/>\n\n\r\n<p>\n<div class=\"wp-block-post-date\"><time datetime=\"2026-08-06T14:11:53+02:00\">6. August 2026<\/time><\/div>\n<br \/>\n<\/li><li class=\"wp-block-post post-2926 post type-post status-publish format-standard has-post-thumbnail hentry category-uncategorized\">\n<br \/>\n\n<div class=\"wp-block-group\"><div class=\"wp-block-group__inner-container is-layout-constrained wp-block-group-is-layout-constrained\">\n\n<div class=\"wp-block-group\"><div class=\"wp-block-group__inner-container is-layout-constrained wp-block-group-is-layout-constrained\">\n<h2 style=\"font-style:normal;font-weight:500;text-transform:none\" class=\"wp-block-post-title has-medium-font-size\"><a href=\"https:\/\/friesi.org\/1-friesdorfer-freibad-hoerspielkino-2026\/\" target=\"_self\" >1. Friesdorfer Freibad H\u00f6rspielkino 2026<\/a><\/h2>\n<\/div><\/div>\r\n<p>\n\n<\/p>\r\n<\/div><\/div>\n\n<br \/>\n\n<div class=\"wp-block-group alignwide\"><div class=\"wp-block-group__inner-container is-layout-constrained wp-block-group-is-layout-constrained\">\n\n<div class=\"wp-block-group alignwide\"><div class=\"wp-block-group__inner-container is-layout-constrained wp-block-group-is-layout-constrained\">\n<figure class=\"alignwide wp-block-post-featured-image\"><a href=\"https:\/\/friesi.org\/1-friesdorfer-freibad-hoerspielkino-2026\/\" target=\"_self\" ><img loading=\"lazy\" decoding=\"async\" width=\"240\" height=\"300\" src=\"https:\/\/friesi.org\/file\/2026\/07\/Plakat-Hoerspielabend-240x300.jpeg\" class=\"attachment-medium size-medium wp-post-image\" alt=\"1. Friesdorfer Freibad H\u00f6rspielkino 2026\" style=\"object-fit:cover;\" srcset=\"https:\/\/friesi.org\/file\/2026\/07\/Plakat-Hoerspielabend-240x300.jpeg 240w, https:\/\/friesi.org\/file\/2026\/07\/Plakat-Hoerspielabend-819x1024.jpeg 819w, https:\/\/friesi.org\/file\/2026\/07\/Plakat-Hoerspielabend-768x960.jpeg 768w, https:\/\/friesi.org\/file\/2026\/07\/Plakat-Hoerspielabend-60x75.jpeg 60w, https:\/\/friesi.org\/file\/2026\/07\/Plakat-Hoerspielabend-480x600.jpeg 480w, https:\/\/friesi.org\/file\/2026\/07\/Plakat-Hoerspielabend.jpeg 1080w\" sizes=\"auto, (max-width:767px) 240px, 240px\" \/><\/a><\/figure>\n<\/div><\/div>\r\n<p>\n\n<\/p>\r\n<\/div><\/div>\n\n<br \/>\n<div class=\"wp-block-post-excerpt has-small-font-size\"><p class=\"wp-block-post-excerpt__excerpt\">Neu! Exklusiv im Friesi! Ihr liebt das Friesi und h\u00f6rt gerne die drei ??? Dann kommt zum 1. Friesdorfer Freibad H\u00f6rspielkino! Gemeinsam lassen wir am Samstag, den 29. August 2026, die Ferien mit einem Sprung vom 3er und der Folge &#8222;Die drei ??? und das versunkene Dorf&#8220; ausklingen. Seid dabei! Eure Freibad-Freunde Friesdorf <\/p><\/div>\n<br \/>\n\n<hr class=\"wp-block-separator has-css-opacity\" \/>\n\n\r\n<p>\n<div class=\"wp-block-post-date\"><time datetime=\"2026-07-22T12:19:54+02:00\">22. Juli 2026<\/time><\/div>\n<br \/>\n<\/li><li class=\"wp-block-post post-2922 post type-post status-publish format-standard has-post-thumbnail hentry category-uncategorized\">\n<br \/>\n\n<div class=\"wp-block-group\"><div class=\"wp-block-group__inner-container is-layout-constrained wp-block-group-is-layout-constrained\">\n\n<div class=\"wp-block-group\"><div class=\"wp-block-group__inner-container is-layout-constrained wp-block-group-is-layout-constrained\">\n<h2 style=\"font-style:normal;font-weight:500;text-transform:none\" class=\"wp-block-post-title has-medium-font-size\"><a href=\"https:\/\/friesi.org\/schwimmkurs-fuer-erwachsene\/\" target=\"_self\" >Schwimmkurs f\u00fcr Erwachsene<\/a><\/h2>\n<\/div><\/div>\r\n<p>\n\n<\/p>\r\n<\/div><\/div>\n\n<br \/>\n\n<div class=\"wp-block-group alignwide\"><div class=\"wp-block-group__inner-container is-layout-constrained wp-block-group-is-layout-constrained\">\n\n<div class=\"wp-block-group alignwide\"><div class=\"wp-block-group__inner-container is-layout-constrained wp-block-group-is-layout-constrained\">\n<figure class=\"alignwide wp-block-post-featured-image\"><a href=\"https:\/\/friesi.org\/schwimmkurs-fuer-erwachsene\/\" target=\"_self\" ><img loading=\"lazy\" decoding=\"async\" width=\"300\" height=\"225\" src=\"https:\/\/friesi.org\/file\/2026\/07\/Friesathlon-2026-06-300x225.jpeg\" class=\"attachment-medium size-medium wp-post-image\" alt=\"Schwimmkurs f\u00fcr Erwachsene\" style=\"object-fit:cover;\" srcset=\"https:\/\/friesi.org\/file\/2026\/07\/Friesathlon-2026-06-300x225.jpeg 300w, https:\/\/friesi.org\/file\/2026\/07\/Friesathlon-2026-06-1024x768.jpeg 1024w, https:\/\/friesi.org\/file\/2026\/07\/Friesathlon-2026-06-768x576.jpeg 768w, https:\/\/friesi.org\/file\/2026\/07\/Friesathlon-2026-06-1536x1152.jpeg 1536w, https:\/\/friesi.org\/file\/2026\/07\/Friesathlon-2026-06-100x75.jpeg 100w, https:\/\/friesi.org\/file\/2026\/07\/Friesathlon-2026-06-960x720.jpeg 960w, https:\/\/friesi.org\/file\/2026\/07\/Friesathlon-2026-06-480x360.jpeg 480w, https:\/\/friesi.org\/file\/2026\/07\/Friesathlon-2026-06.jpeg 2000w\" sizes=\"auto, (max-width:767px) 300px, 300px\" \/><\/a><\/figure>\n<\/div><\/div>\r\n<p>\n\n<\/p>\r\n<\/div><\/div>\n\n<br \/>\n<div class=\"wp-block-post-excerpt has-small-font-size\"><p class=\"wp-block-post-excerpt__excerpt\">Wir freuen uns zusammen mit der Wasserwacht des DRK einen Schwimmkurs f\u00fcr Erwachsene anbieten zu k\u00f6nnen. Dieser Kurs bietet Erwachsenen die M\u00f6glichkeit das Schwimmen zu erlernen oder wieder zu erlernen. Dies ist kein Technikkurs sondern richtet sich an Anf\u00e4nger ohne oder mit geringen Vorkenntnissen.&nbsp; Je nach individuellen Lernerfolg kann am Ende des Kurses das Seepferdchen-Abzeichen&hellip; <\/p><\/div>\n<br \/>\n\n<hr class=\"wp-block-separator has-css-opacity\" \/>\n\n\r\n<p>\n<div class=\"wp-block-post-date\"><time datetime=\"2026-07-11T12:21:41+02:00\">11. Juli 2026<\/time><\/div>\n<br \/>\n<\/li><li class=\"wp-block-post post-2888 post type-post status-publish format-standard has-post-thumbnail hentry category-uncategorized\">\n<br \/>\n\n<div class=\"wp-block-group\"><div class=\"wp-block-group__inner-container is-layout-constrained wp-block-group-is-layout-constrained\">\n\n<div class=\"wp-block-group\"><div class=\"wp-block-group__inner-container is-layout-constrained wp-block-group-is-layout-constrained\">\n<h2 style=\"font-style:normal;font-weight:500;text-transform:none\" class=\"wp-block-post-title has-medium-font-size\"><a href=\"https:\/\/friesi.org\/mitgliederinformationen-zur-aktuellen-baederdiskussion\/\" target=\"_self\" >Mitgliederinformationen zur aktuellen B\u00e4derdiskussion<\/a><\/h2>\n<\/div><\/div>\r\n<p>\n\n<\/p>\r\n<\/div><\/div>\n\n<br \/>\n\n<div class=\"wp-block-group alignwide\"><div class=\"wp-block-group__inner-container is-layout-constrained wp-block-group-is-layout-constrained\">\n\n<div class=\"wp-block-group alignwide\"><div class=\"wp-block-group__inner-container is-layout-constrained wp-block-group-is-layout-constrained\">\n<figure class=\"alignwide wp-block-post-featured-image\"><a href=\"https:\/\/friesi.org\/mitgliederinformationen-zur-aktuellen-baederdiskussion\/\" target=\"_self\" ><img loading=\"lazy\" decoding=\"async\" width=\"300\" height=\"287\" src=\"https:\/\/friesi.org\/file\/2018\/04\/cropped-FFF_0-1-300x287.jpg\" class=\"attachment-medium size-medium wp-post-image\" alt=\"Mitgliederinformationen zur aktuellen B\u00e4derdiskussion\" style=\"object-fit:cover;\" srcset=\"https:\/\/friesi.org\/file\/2018\/04\/cropped-FFF_0-1-300x287.jpg 300w, https:\/\/friesi.org\/file\/2018\/04\/cropped-FFF_0-1-152x146.jpg 152w, https:\/\/friesi.org\/file\/2018\/04\/cropped-FFF_0-1-50x48.jpg 50w, https:\/\/friesi.org\/file\/2018\/04\/cropped-FFF_0-1-78x75.jpg 78w, https:\/\/friesi.org\/file\/2018\/04\/cropped-FFF_0-1.jpg 450w\" sizes=\"auto, (max-width:767px) 300px, 300px\" \/><\/a><\/figure>\n<\/div><\/div>\r\n<p>\n\n<\/p>\r\n<\/div><\/div>\n\n<br \/>\n<div class=\"wp-block-post-excerpt has-small-font-size\"><p class=\"wp-block-post-excerpt__excerpt\"> <\/p><\/div>\n<br \/>\n\n<hr class=\"wp-block-separator has-css-opacity\" \/>\n\n\r\n<p>\n<div class=\"wp-block-post-date\"><time datetime=\"2026-07-02T22:14:01+02:00\">2. Juli 2026<\/time><\/div>\n<br \/>\n<\/li><\/ul>\n<\/p>\r\n<\/div><\/div>\r\n<p>\n\n<\/p>\r\n<\/div>\n\n\n<p>&nbsp;<\/p>\n\n<ul class=\"wp-block-archives-list wp-block-archives\">\t<li><a href='https:\/\/friesi.org\/2026\/08\/'>August 2026<\/a><\/li>\n\t<li><a href='https:\/\/friesi.org\/2026\/07\/'>Juli 2026<\/a><\/li>\n\t<li><a href='https:\/\/friesi.org\/2026\/06\/'>Juni 2026<\/a><\/li>\n\t<li><a href='https:\/\/friesi.org\/2026\/04\/'>April 2026<\/a><\/li>\n\t<li><a href='https:\/\/friesi.org\/2025\/11\/'>November 2025<\/a><\/li>\n\t<li><a href='https:\/\/friesi.org\/2025\/09\/'>September 2025<\/a><\/li>\n\t<li><a href='https:\/\/friesi.org\/2025\/08\/'>August 2025<\/a><\/li>\n\t<li><a href='https:\/\/friesi.org\/2025\/07\/'>Juli 2025<\/a><\/li>\n\t<li><a href='https:\/\/friesi.org\/2025\/06\/'>Juni 2025<\/a><\/li>\n\t<li><a href='https:\/\/friesi.org\/2025\/05\/'>Mai 2025<\/a><\/li>\n\t<li><a href='https:\/\/friesi.org\/2025\/04\/'>April 2025<\/a><\/li>\n\t<li><a href='https:\/\/friesi.org\/2025\/02\/'>Februar 2025<\/a><\/li>\n\t<li><a href='https:\/\/friesi.org\/2025\/01\/'>Januar 2025<\/a><\/li>\n\t<li><a href='https:\/\/friesi.org\/2024\/10\/'>Oktober 2024<\/a><\/li>\n\t<li><a href='https:\/\/friesi.org\/2024\/09\/'>September 2024<\/a><\/li>\n\t<li><a href='https:\/\/friesi.org\/2024\/08\/'>August 2024<\/a><\/li>\n\t<li><a href='https:\/\/friesi.org\/2024\/07\/'>Juli 2024<\/a><\/li>\n\t<li><a href='https:\/\/friesi.org\/2024\/06\/'>Juni 2024<\/a><\/li>\n\t<li><a href='https:\/\/friesi.org\/2024\/05\/'>Mai 2024<\/a><\/li>\n\t<li><a href='https:\/\/friesi.org\/2024\/04\/'>April 2024<\/a><\/li>\n\t<li><a href='https:\/\/friesi.org\/2024\/03\/'>M\u00e4rz 2024<\/a><\/li>\n\t<li><a href='https:\/\/friesi.org\/2024\/02\/'>Februar 2024<\/a><\/li>\n\t<li><a href='https:\/\/friesi.org\/2024\/01\/'>Januar 2024<\/a><\/li>\n\t<li><a href='https:\/\/friesi.org\/2023\/11\/'>November 2023<\/a><\/li>\n\t<li><a href='https:\/\/friesi.org\/2023\/10\/'>Oktober 2023<\/a><\/li>\n\t<li><a href='https:\/\/friesi.org\/2023\/09\/'>September 2023<\/a><\/li>\n\t<li><a href='https:\/\/friesi.org\/2023\/08\/'>August 2023<\/a><\/li>\n\t<li><a href='https:\/\/friesi.org\/2023\/07\/'>Juli 2023<\/a><\/li>\n\t<li><a href='https:\/\/friesi.org\/2023\/06\/'>Juni 2023<\/a><\/li>\n\t<li><a href='https:\/\/friesi.org\/2023\/05\/'>Mai 2023<\/a><\/li>\n\t<li><a href='https:\/\/friesi.org\/2023\/04\/'>April 2023<\/a><\/li>\n\t<li><a href='https:\/\/friesi.org\/2023\/02\/'>Februar 2023<\/a><\/li>\n<\/ul>\n\n\n\n\n<ul class=\"wp-block-social-links\">\r\n<li style=\"list-style-type: none;\">\r\n<ul class=\"wp-block-social-links\">\r\n<li style=\"list-style-type: none;\">\r\n<ul class=\"wp-block-social-links\"><\/ul>\r\n<\/li>\r\n<\/ul>\r\n<p><\/p>\r\n<\/li>\r\n<\/ul>\r\n<p>\n\n\n","protected":false},"excerpt":{"rendered":"<p>\u00a0 Wir sind ein seit 1993 bestehender Verein zur F\u00f6rderung des Schwimmens in Bonn-Friesdorf und zum Erhalt unseres Friesis. Hier k\u00f6nnen Sie sich \u00fcber unsere aktuellen<span class=\"excerpt-hellip\"> [\u2026]<\/span><\/p>\n","protected":false},"author":7,"featured_media":0,"parent":0,"menu_order":0,"comment_status":"closed","ping_status":"closed","template":"","meta":{"footnotes":""},"class_list":["post-92","page","type-page","status-publish","hentry"],"_links":{"self":[{"href":"https:\/\/friesi.org\/rest\/wp\/v2\/pages\/92","targetHints":{"allow":["GET"]}}],"collection":[{"href":"https:\/\/friesi.org\/rest\/wp\/v2\/pages"}],"about":[{"href":"https:\/\/friesi.org\/rest\/wp\/v2\/types\/page"}],"author":[{"embeddable":true,"href":"https:\/\/friesi.org\/rest\/wp\/v2\/users\/7"}],"replies":[{"embeddable":true,"href":"https:\/\/friesi.org\/rest\/wp\/v2\/comments?post=92"}],"version-history":[{"count":239,"href":"https:\/\/friesi.org\/rest\/wp\/v2\/pages\/92\/revisions"}],"predecessor-version":[{"id":2773,"href":"https:\/\/friesi.org\/rest\/wp\/v2\/pages\/92\/revisions\/2773"}],"wp:attachment":[{"href":"https:\/\/friesi.org\/rest\/wp\/v2\/media?parent=92"}],"curies":[{"name":"wp","href":"https:\/\/api.w.org\/{rel}","templated":true}]}}